{"id":17140,"date":"2021-01-02T01:00:49","date_gmt":"2021-01-02T01:00:49","guid":{"rendered":"https:\/\/etheriatrips.com\/fr\/?page_id=17140"},"modified":"2021-01-04T04:08:46","modified_gmt":"2021-01-04T04:08:46","slug":"principale-fete-culturelle-de-valence-les-fallas","status":"publish","type":"page","link":"https:\/\/etheriatrips.com\/fr\/principale-fete-culturelle-de-valence-les-fallas\/","title":{"rendered":"Principale f\u00eate culturelle de Valence\u00a0: les Fallas"},"content":{"rendered":"\t<div class=\"img has-hover x md-x lg-x y md-y lg-y\" id=\"image_433494427\">\n\t\t\t\t\t\t\t\t<div class=\"img-inner image-cover dark\" style=\"padding-top:50%;\">\n\t\t\t<img width=\"870\" height=\"480\" src=\"https:\/\/etheriatrips.com\/fr\/wp-content\/uploads\/sites\/5\/2018\/08\/fallas-valencia-870x480.jpg\" class=\"attachment-large size-large\" alt=\"\" loading=\"lazy\" srcset=\"https:\/\/etheriatrips.com\/fr\/wp-content\/uploads\/sites\/5\/2018\/08\/fallas-valencia-870x480.jpg 870w, https:\/\/etheriatrips.com\/fr\/wp-content\/uploads\/sites\/5\/2018\/08\/fallas-valencia-870x480-300x166.jpg 300w, https:\/\/etheriatrips.com\/fr\/wp-content\/uploads\/sites\/5\/2018\/08\/fallas-valencia-870x480-768x424.jpg 768w\" sizes=\"(max-width: 870px) 100vw, 870px\" \/>\t\t\t\t\t\t\n\t\t\t\t\t<\/div>\n\t\t\t\t\t\t\t\t\n<style>\n#image_433494427 {\n  width: 100%;\n}\n<\/style>\n\t<\/div>\n\t\n<div class=\"is-divider divider clearfix\" style=\"height:33px;background-color:rgba(0, 0, 0, 0);\"><\/div>\n<h1>Principale f\u00eate culturelle de Valence\u00a0: les Fallas<\/h1>\n<p>Valence est connue par son ambiance jeune et ses activit\u00e9s et \u00e9v\u00e8nements culturels, dont les visiteurs veulent toujours plus. Si vous aimez la musique, vous trouverez des concerts et spectacles qui vont du rock jusqu\u2019au jazz. Et pour les amoureux de l\u2019art, il y a des galeries d\u2019art classique et moderne partout dans la ville. Des th\u00e9\u00e2tres, des mus\u00e9es, des bistr\u00f4ts\u2026 sont de plus en plus fr\u00e9quent\u00e9es dans une ville qui fait chaque jour de plus en plus d\u2019adeptes.<\/p>\n<p>Le tourisme \u00e0 Valence n\u2019a fait qu\u2019augmenter ces derni\u00e8res ann\u00e9es. Une des principales raisons sont ses festivit\u00e9s locales les plus connues\u00a0: les Fallas. Elles commencent chaque ann\u00e9e le 15 mars et tant les valenciens que les touristes peuvent en profiter jusqu\u2019au 19, o\u00f9\u00a0\u00ab\u00a0la crem\u00e0\u00a0\u00bb a lieu. \u00c0 \u00ab\u00a0la crem\u00e0\u00a0\u00bb les grands monuments en carton-p\u00e2te sont consum\u00e9s par les flammes. Les protagonistes de ces f\u00eates sont le feu, les \u00ab\u00a0masclet\u00e0s\u00a0\u00bb, les feux d\u2019artifice et l\u2019implication de tous les citoyens, m\u00eal\u00e9s \u00e0 la tradition de centaines d\u2019ann\u00e9es.<\/p>\n<div class=\"row\"  id=\"row-630763288\">\n\n\t<div id=\"col-1866546755\" class=\"col medium-6 small-12 large-6\"  >\n\t\t\t\t<div class=\"col-inner\"  >\n\t\t\t\n\t\t\t\n\t<div class=\"img has-hover x md-x lg-x y md-y lg-y\" id=\"image_745819770\">\n\t\t\t\t\t\t\t\t<div class=\"img-inner dark\" >\n\t\t\t<img width=\"300\" height=\"225\" src=\"https:\/\/etheriatrips.com\/fr\/wp-content\/uploads\/sites\/5\/2018\/08\/fuego-fallas-valencia-300x225.jpg\" class=\"attachment-large size-large\" alt=\"\" loading=\"lazy\" \/>\t\t\t\t\t\t\n\t\t\t\t\t<\/div>\n\t\t\t\t\t\t\t\t\n<style>\n#image_745819770 {\n  width: 100%;\n}\n<\/style>\n\t<\/div>\n\t\n\t\t<\/div>\n\t\t\t\t\t<\/div>\n\n\t\n\n\t<div id=\"col-611668698\" class=\"col medium-6 small-12 large-6\"  >\n\t\t\t\t<div class=\"col-inner\"  >\n\t\t\t\n\t\t\t\n\t<div class=\"img has-hover x md-x lg-x y md-y lg-y\" id=\"image_529862831\">\n\t\t\t\t\t\t\t\t<div class=\"img-inner dark\" >\n\t\t\t<img width=\"300\" height=\"225\" src=\"https:\/\/etheriatrips.com\/fr\/wp-content\/uploads\/sites\/5\/2018\/08\/luces-valencia-300x225-1.jpg\" class=\"attachment-large size-large\" alt=\"\" loading=\"lazy\" \/>\t\t\t\t\t\t\n\t\t\t\t\t<\/div>\n\t\t\t\t\t\t\t\t\n<style>\n#image_529862831 {\n  width: 100%;\n}\n<\/style>\n\t<\/div>\n\t\n\t\t<\/div>\n\t\t\t\t\t<\/div>\n\n\t\n<\/div>\n<div class=\"is-divider divider clearfix\" style=\"height:17px;background-color:rgba(0, 0, 0, 0);\"><\/div>\n<h2>L\u2019Histoire des Fallas<\/h2>\n<p>Les origines de ces f\u00eates datent d\u2019une ancienne tradition des menuisiers de la ville. La veille de la f\u00eate du saint patron Saint Joseph, devant leurs ateliers et dans les rues et places publiques, ils br\u00fblaient tous leurs vieux objets et moreaux de bois qui ne servaient plus et qu\u2019ils utilisaient pour allumer les lampes \u00e0 huile en hiver. De ce fait, le jour de \u00ab\u00a0la crem\u00e0\u00a0\u00bb (le moment ou les fallas -monuments en carton-p\u00e2te- sont br\u00fbl\u00e9es) est toujours \u00e0 la Saint Joseph, le 19 mars.<\/p>\n<p>Ces premi\u00e8res \u00ab\u00a0fallas\u00a0\u00bb ont \u00e9volu\u00e9 ann\u00e9e apr\u00e8s ann\u00e9e et elles se sont charg\u00e9es d\u2019un sens critique et ironique\u00a0: elles repr\u00e9sentent des r\u00e9alit\u00e9s sociales actuelles jusqu\u2019au point de devenir de v\u00e9ritables \u0153uvres d\u2019art \u00e9ph\u00e9m\u00e8res avec date d\u2019expiration. En 1932, on \u00e9tablit la \u00ab\u00a0Semaine fallera\u00a0\u00bb et elle devient la festivit\u00e9 plus importante de la Communaut\u00e9 Valencienne. Actuellement, seulement \u00e0 la ville de Valence, on br\u00fble plus de 700 fallas de toute taille.<\/p>\n<h2>Raisons pour visiter Valence pendant les Fallas<\/h2>\n<p>Voici les principales raisons pour visiter Valence pendant les grandes festivit\u00e9s des Fallas, au moins une fois dans la vie. D\u00e8s le premier mars jusqu\u2019au 19 on peut profiter d\u2019un v\u00e9ritable spectacle sonore avec la \u00ab\u00a0Masclet\u00e0\u00a0\u00bb \u00e0 la Place de l\u2019H\u00f4tel de Ville, moment o\u00f9 les valenciens jettent des milliers des p\u00e9tards qui atteignent les 120 d\u00e9cibels\u00a0!<\/p>\n<p>Le 15 mars, un autre jour cl\u00e9 des festivit\u00e9s, a lieu \u00ab\u00a0la Plant\u00e0\u00a0\u00bb. C\u2019est une journ\u00e9e pleine d\u2019activit\u00e9. Les \u00ab\u00a0falleros\u00a0\u00bb travaillent jour et nuit, puisque \u00e0 ce moment les fallas \u00ab\u00a0sont plant\u00e9es\u00a0\u00bb dans la ville et il faut qu\u2019elles soient pr\u00eates le 16 \u00e0 l\u2019aube. Ce jour-ci, le jur\u00e9e d\u00e9cerne un prix aux meilleures et choisit le \u00ab\u00a0ninot indultat\u00a0\u00bb, qui sera la seule falla \u00e0 ne pas \u00eatre br\u00fbl\u00e9e le 19 pendant la Crem\u00e0. Le 17 au matin, les \u00ab\u00a0falleras mayores\u00a0\u00bb (femmes habill\u00e9s en costume traditionnel) et leurs commissions font leur marche jusqu\u2019\u00e0 la Place de l\u2019H\u00f4tel de Ville afin de r\u00e9cup\u00e9rer leurs prix.<\/p>\n<p>Le 15 mars, un autre jour cl\u00e9 des festivit\u00e9s, a lieu \u00ab\u00a0la Plant\u00e0\u00a0\u00bb. C\u2019est une journ\u00e9e pleine d\u2019activit\u00e9. Les \u00ab\u00a0falleros\u00a0\u00bb travaillent jour et nuit, puisque \u00e0 ce moment les fallas \u00ab\u00a0sont plant\u00e9es\u00a0\u00bb dans la ville et il faut qu\u2019elles soient pr\u00eates le 16 \u00e0 l\u2019aube. Ce jour-ci, le jur\u00e9e d\u00e9cerne un prix aux meilleures et choisit le \u00ab\u00a0ninot indultat\u00a0\u00bb, qui sera la seule falla \u00e0 ne pas \u00eatre br\u00fbl\u00e9e le 19 pendant la Crem\u00e0. Le 17 au matin, les \u00ab\u00a0falleras mayores\u00a0\u00bb (femmes habill\u00e9s en costume traditionnel) et leurs commissions font leur marche jusqu\u2019\u00e0 la Place de l\u2019H\u00f4tel de Ville afin de r\u00e9cup\u00e9rer leurs prix.<\/p>\n<h2>Guide pour votre voyage scolaire \u00e0 Valence<\/h2>\n<p>D\u00e9couvrez plus d\u2019informations sur Valence et la pr\u00e9paration d\u2019un s\u00e9jour \u00e9ducatif en consultant notre guide\u00a0: activit\u00e9s, logements, monuments d\u2019int\u00e9r\u00eat, etc\u00a0:<\/p>\n<ul>\n<li><a href=\"https:\/\/etheriatrips.com\/fr\/organisation-dun-voyage-scolaire-a-valence\/\">Organisation d\u2019un voyage scolaire \u00e0 Valence<\/a><\/li>\n<li><a href=\"https:\/\/etheriatrips.com\/fr\/ou-se-loger-lors-dun-sejour-scolaire-a-valence\/\">O\u00f9 se loger lors d\u2019un s\u00e9jour scolaire \u00e0 Valence<\/a><\/li>\n<li><a href=\"https:\/\/etheriatrips.com\/fr\/10-incontournables-pour-visiter-valence\/\">10 incontournables pour visiter Valence<\/a><\/li>\n<li><a href=\"https:\/\/etheriatrips.com\/fr\/decouvrez-valence-en-2-jours\/\">D\u00e9couvrez Valence en 2 jours<\/a><\/li>\n<li><a href=\"https:\/\/etheriatrips.com\/fr\/que-faire-pendant-un-voyage-a-valence-pour-ne-rien-rater\/\">Que faire pendant un voyage \u00e0 Valence pour ne rien rater<\/a><\/li>\n<li><a href=\"https:\/\/etheriatrips.com\/fr\/principale-fete-culturelle-de-valence-les-fallas\/\">Principale f\u00eate culturelle de Valence\u00a0: les Fallas<\/a><\/li>\n<\/ul>\n<p>Pour d\u2019avantage d\u2019informations sur les possibilit\u00e9s de votre voyage \u00e9ducatif \u00e0 Valence, n\u2019h\u00e9sitez pas \u00e0 nous contacter \u00e0 info@etheriatrips.com ou par t\u00e9l\u00e9phone au +33 970 444 105.<\/p>\n<div class=\"is-divider divider clearfix\" style=\"height:17px;background-color:rgba(0, 0, 0, 0);\"><\/div>\n","protected":false},"excerpt":{"rendered":"<p>Principale f\u00eate culturelle de Valence\u00a0: les Fallas Valence est connue par son ambiance jeune et ses activit\u00e9s et \u00e9v\u00e8nements culturels, dont les visiteurs veulent toujours plus. Si vous aimez la musique, vous trouverez des concerts et spectacles qui vont du rock jusqu\u2019au jazz. Et pour les amoureux de l\u2019art, il y a des galeries d\u2019art [&#8230;]\n","protected":false},"author":14,"featured_media":0,"parent":0,"menu_order":0,"comment_status":"closed","ping_status":"closed","template":"","meta":[],"categories":[],"tags":[],"yoast_head":"<!-- This site is optimized with the Yoast SEO Premium plugin v14.9 - https:\/\/yoast.com\/wordpress\/plugins\/seo\/ -->\n<title>Principale f\u00eate culturelle de Valence\u00a0: les Fallas - Etheria Trips<\/title>\n<meta name=\"description\" content=\"Principale f\u00eate culturelle de Valence\u00a0: les Fallas Les origines de ces f\u00eates datent d\u2019une ancienne tradition des menuisiers de la ville.\" \/>\n<meta name=\"robots\" content=\"index, follow, max-snippet:-1, max-image-preview:large, max-video-preview:-1\" \/>\n<link rel=\"canonical\" href=\"https:\/\/etheriatrips.com\/fr\/principale-fete-culturelle-de-valence-les-fallas\/\" \/>\n<meta property=\"og:locale\" content=\"es_ES\" \/>\n<meta property=\"og:type\" content=\"article\" \/>\n<meta property=\"og:title\" content=\"Principale f\u00eate culturelle de Valence\u00a0: les Fallas - Etheria Trips\" \/>\n<meta property=\"og:description\" content=\"Principale f\u00eate culturelle de Valence\u00a0: les Fallas Les origines de ces f\u00eates datent d\u2019une ancienne tradition des menuisiers de la ville.\" \/>\n<meta property=\"og:url\" content=\"https:\/\/etheriatrips.com\/fr\/principale-fete-culturelle-de-valence-les-fallas\/\" \/>\n<meta property=\"og:site_name\" content=\"Etheria Trips\" \/>\n<meta property=\"article:modified_time\" content=\"2021-01-04T04:08:46+00:00\" \/>\n<meta name=\"twitter:card\" content=\"summary_large_image\" \/>\n<script type=\"application\/ld+json\" class=\"yoast-schema-graph\">{\"@context\":\"https:\/\/schema.org\",\"@graph\":[{\"@type\":\"Organization\",\"@id\":\"https:\/\/etheriatrips.com\/fr\/#organization\",\"name\":\"Natuaventura Ocio y Tiempo Libre\",\"url\":\"https:\/\/etheriatrips.com\/fr\/\",\"sameAs\":[],\"logo\":{\"@type\":\"ImageObject\",\"@id\":\"https:\/\/etheriatrips.com\/fr\/#logo\",\"inLanguage\":\"es\",\"url\":\"\",\"caption\":\"Natuaventura Ocio y Tiempo Libre\"},\"image\":{\"@id\":\"https:\/\/etheriatrips.com\/fr\/#logo\"}},{\"@type\":\"WebSite\",\"@id\":\"https:\/\/etheriatrips.com\/fr\/#website\",\"url\":\"https:\/\/etheriatrips.com\/fr\/\",\"name\":\"Etheria Trips\",\"description\":\"Viajes para grupos escolares en Espa\\u00f1a | Viajes culturales\",\"publisher\":{\"@id\":\"https:\/\/etheriatrips.com\/fr\/#organization\"},\"potentialAction\":[{\"@type\":\"SearchAction\",\"target\":\"https:\/\/etheriatrips.com\/fr\/?s={search_term_string}\",\"query-input\":\"required name=search_term_string\"}],\"inLanguage\":\"es\"},{\"@type\":\"WebPage\",\"@id\":\"https:\/\/etheriatrips.com\/fr\/principale-fete-culturelle-de-valence-les-fallas\/#webpage\",\"url\":\"https:\/\/etheriatrips.com\/fr\/principale-fete-culturelle-de-valence-les-fallas\/\",\"name\":\"Principale f\\u00eate culturelle de Valence\\u00a0: les Fallas - Etheria Trips\",\"isPartOf\":{\"@id\":\"https:\/\/etheriatrips.com\/fr\/#website\"},\"datePublished\":\"2021-01-02T01:00:49+00:00\",\"dateModified\":\"2021-01-04T04:08:46+00:00\",\"description\":\"Principale f\\u00eate culturelle de Valence\\u00a0: les Fallas Les origines de ces f\\u00eates datent d\\u2019une ancienne tradition des menuisiers de la ville.\",\"inLanguage\":\"es\",\"potentialAction\":[{\"@type\":\"ReadAction\",\"target\":[\"https:\/\/etheriatrips.com\/fr\/principale-fete-culturelle-de-valence-les-fallas\/\"]}]}]}<\/script>\n<!-- \/ Yoast SEO Premium plugin. -->","_links":{"self":[{"href":"https:\/\/etheriatrips.com\/fr\/wp-json\/wp\/v2\/pages\/17140"}],"collection":[{"href":"https:\/\/etheriatrips.com\/fr\/wp-json\/wp\/v2\/pages"}],"about":[{"href":"https:\/\/etheriatrips.com\/fr\/wp-json\/wp\/v2\/types\/page"}],"author":[{"embeddable":true,"href":"https:\/\/etheriatrips.com\/fr\/wp-json\/wp\/v2\/users\/14"}],"replies":[{"embeddable":true,"href":"https:\/\/etheriatrips.com\/fr\/wp-json\/wp\/v2\/comments?post=17140"}],"version-history":[{"count":3,"href":"https:\/\/etheriatrips.com\/fr\/wp-json\/wp\/v2\/pages\/17140\/revisions"}],"predecessor-version":[{"id":17376,"href":"https:\/\/etheriatrips.com\/fr\/wp-json\/wp\/v2\/pages\/17140\/revisions\/17376"}],"wp:attachment":[{"href":"https:\/\/etheriatrips.com\/fr\/wp-json\/wp\/v2\/media?parent=17140"}],"wp:term":[{"taxonomy":"category","embeddable":true,"href":"https:\/\/etheriatrips.com\/fr\/wp-json\/wp\/v2\/categories?post=17140"},{"taxonomy":"post_tag","embeddable":true,"href":"https:\/\/etheriatrips.com\/fr\/wp-json\/wp\/v2\/tags?post=17140"}],"curies":[{"name":"wp","href":"https:\/\/api.w.org\/{rel}","templated":true}]}}